{"id":573,"date":"2022-07-01T05:47:16","date_gmt":"2022-07-01T05:47:16","guid":{"rendered":"https:\/\/usta.bf\/?page_id=573"},"modified":"2022-08-08T11:27:12","modified_gmt":"2022-08-08T11:27:12","slug":"mot-du-recteur","status":"publish","type":"page","link":"https:\/\/usta.bf\/?page_id=573","title":{"rendered":"Mot du Recteur"},"content":{"rendered":"<div data-colibri-id=\"573-c1\" class=\"style-590 style-local-573-c1 position-relative\">\n  <!---->\n  <div data-colibri-component=\"section\" data-colibri-id=\"573-c2\" id=\"custom\" class=\"h-section h-section-global-spacing d-flex align-items-lg-center align-items-md-center align-items-center style-591 style-local-573-c2 position-relative\">\n    <!---->\n    <!---->\n    <div class=\"h-section-grid-container h-section-boxed-container\">\n      <!---->\n      <div data-colibri-id=\"573-c3\" class=\"h-row-container gutters-row-lg-2 gutters-row-md-2 gutters-row-0 gutters-row-v-lg-2 gutters-row-v-md-2 gutters-row-v-2 style-592 style-local-573-c3 position-relative\">\n        <!---->\n        <div class=\"h-row justify-content-lg-center justify-content-md-center justify-content-center align-items-lg-stretch align-items-md-stretch align-items-stretch gutters-col-lg-2 gutters-col-md-2 gutters-col-0 gutters-col-v-lg-2 gutters-col-v-md-2 gutters-col-v-2\">\n          <!---->\n          <div class=\"h-column h-column-container d-flex h-col-lg-auto h-col-md-auto h-col-auto style-593-outer style-local-573-c4-outer\">\n            <div data-colibri-id=\"573-c4\" class=\"d-flex h-flex-basis h-column__inner h-px-lg-2 h-px-md-2 h-px-2 v-inner-lg-2 v-inner-md-2 v-inner-2 style-593 style-local-573-c4 position-relative\">\n              <!---->\n              <!---->\n              <div class=\"w-100 h-y-container h-column__content h-column__v-align flex-basis-100 align-self-lg-start align-self-md-start align-self-start\">\n                <!---->\n                <div data-colibri-id=\"573-c5\" class=\"h-global-transition-all h-heading style-595 style-local-573-c5 position-relative h-element\">\n                  <!---->\n                  <div class=\"h-heading__outer style-595 style-local-573-c5\">\n                    <!---->\n                    <!---->\n                    <h1 class=\"\">Mot du Recteur<\/h1>\n                  <\/div>\n                <\/div>\n                <div data-colibri-id=\"573-c6\" class=\"h-text h-text-component style-594 style-local-573-c6 position-relative h-element\">\n                  <!---->\n                  <!---->\n                  <div class=\"\">\n                    <p>Chers visiteurs, <\/p>\n                    <p>chers partenaires,<\/p>\n                    <p>chers membres de la communaut\u00e9 universitaire,<\/p>\n                    <p>l\u2019Universit\u00e9 Saint Thomas d\u2019Aquin (USTA) est heureuse de vous accueillir sur son site institutionnel. <\/p>\n                    <p>Situ\u00e9e dans l\u2019accueillante commune de Saaba \u00e0 la p\u00e9riph\u00e9rie Est de la ville de Ouagadougou, l\u2019USTA contribue depuis octobre 2004, par l\u2019enseignement sup\u00e9rieur et la recherche, \u00e0 la formation int\u00e9grale des b\u00e2tisseurs de l\u2019avenir. Plus\n                      qu\u2019un m\u00e9tier, l\u2019\u00e9ducation y est per\u00e7ue comme \u00ab une mission qui consiste \u00e0 aider chaque personne \u00e0 reconnaitre ce qu\u2019elle a d\u2019irrempla\u00e7able et d\u2019unique, afin qu\u2019elle grandisse et s\u2019\u00e9panouisse \u00bb (Pape Jean Paul II). <\/p>\n                    <p>Elle compte cinq (05) facult\u00e9s, un (01) institut et une \u00e9cole doctorale qui proposent plus d\u2019une vingtaine de programmes de formation choisis pour les possibilit\u00e9s d\u2019insertion socio- professionnelles qu\u2019ils offrent. Elle dispose aussi\n                      de nombreuses infrastructures p\u00e9dagogiques comme les salles de classe, les laboratoires, la biblioth\u00e8que, etc.<\/p>\n                    <p>Sur le plan des effectifs, l\u2019USTA compte plus de 3000 \u00e9tudiants en 2020-2021, dont 52% de femmes alors que les statistiques nationales r\u00e9v\u00e8lent un taux f\u00e9minin toujours bas de l\u2019ordre de 33%. Ces effectifs toujours croissants sont\n                      la preuve de la confiance que les parents et les \u00e9tudiants continuent de porter en notre institution. <\/p>\n                    <p>Depuis sa cr\u00e9ation, l\u2019Universit\u00e9 Saint Thomas d\u2019Aquin a opt\u00e9 pour une maitrise des effectifs afin de pouvoir assurer un encadrement rapproch\u00e9 par des \u00e9quipes disponibles et \u00e0 l\u2019\u00e9coute en vue du bon suivi et de l\u2019assimilation des enseignements.\n                      <\/p>\n                    <p>L\u2019Union faisant la force, l\u2019USTA a sign\u00e9 plus d\u2019une vingtaine de conventions de partenariat avec des institutions d\u2019enseignement sup\u00e9rieur et de recherche sur les plans national et international dans le but d\u2019enrichir les conditions\n                      de formation des \u00e9tudiants. Son adh\u00e9sion \u00e0 plusieurs organismes interafricains et internationaux lui donne droit de si\u00e9ger aux organes d\u00e9lib\u00e9rants de ceux-ci et de b\u00e9n\u00e9ficier des avantages et soutiens qu\u2019ils offrent. Il s\u2019agit d\u2019institutions\n                      telles que le Conseil Africain et Malgache pour l\u2019Enseignement Sup\u00e9rieur (CAMES), l\u2019Agence Universitaire de la Francophonie (AUF), la Conf\u00e9rence des Recteurs des Universit\u00e9s Francophones d\u2019Afrique et de l\u2019Oc\u00e9an Indien (CRUFAOCI),\n                      le R\u00e9seau pour l&rsquo;Excellence de l&rsquo;Enseignement Sup\u00e9rieur en Afrique de l&rsquo;Ouest (REESAO), etc.<\/p>\n                    <p>La qualit\u00e9 des enseignants, le respect de la r\u00e9glementation et des standards en vigueur dans l\u2019enseignement sup\u00e9rieur comptent pour beaucoup dans l\u2019appr\u00e9ciation de la qualit\u00e9 d\u2019une formation. Ainsi, l\u2019USTA recrute progressivement ses\n                      propres enseignants qu\u2019elle encourage \u00e0 postuler aux listes d\u2019aptitudes du CAMES. Ils contribuent aupr\u00e8s des enseignants venant des universit\u00e9s partenaires, \u00e0 la formation de nos \u00e9tudiants. De plus, pour se conformer aux textes nationaux\n                      et sous-r\u00e9gionaux, les formations de l\u2019USTA sont propos\u00e9es selon le syst\u00e8me licence, master et doctorat (LMD). <\/p>\n                    <p>Depuis sa cr\u00e9ation, l\u2019USTA s\u2019est \u00e9galement inscrite dans un processus d\u2019am\u00e9lioration continue de ses formations en vue d\u2019assurer un service de qualit\u00e9. Cela s\u2019effectue par l\u2019auto-\u00e9valuation institutionnelle, la soumission r\u00e9guli\u00e8re\n                      de ses dipl\u00f4mes d\u00e9livr\u00e9s au programme de reconnaissance et d\u2019\u00e9quivalence des dipl\u00f4mes (PRED) du CAMES, la mise en place d\u2019un syst\u00e8me d\u2019assurance qualit\u00e9 et le suivi-contr\u00f4le effectu\u00e9 par le minist\u00e8re en charg\u00e9 de l\u2019enseignement sup\u00e9rieur.<\/p>\n                    <p>\n                    En vue de se doter de ses propres cadres d\u2019exercices pratiques pour les sciences de la sant\u00e9 et les sciences agro-sylvo-pastorales, l\u2019USTA a en perspective, la construction d\u2019un centre hospitalier universitaire (CHU) et d\u2019une ferme\n                      exp\u00e9rimentale universitaire (FEU). Pour ces projets, elle sait compter sur l\u2019accompagnement de tous. <\/p>\n                    <p>Enfin, ce site web est le v\u00f4tre. N\u2019h\u00e9sitez donc pas \u00e0 nous faire part de vos critiques et suggestions constructives \u00e0 travers le formulaire pr\u00e9vu \u00e0 cet effet sur ce site. Vous contribuerez ainsi au progr\u00e8s dans le secteur de l\u2019enseignement\n                      sup\u00e9rieur et de l\u2019\u00e9ducation en g\u00e9n\u00e9ral. <\/p>\n                    <p>Bonne visite.<\/p>\n                    <p>\n                      <br>\n                    <\/p>\n                  <\/div>\n                <\/div>\n              <\/div>\n            <\/div>\n          <\/div>\n        <\/div>\n      <\/div>\n    <\/div>\n  <\/div>\n  <div data-colibri-component=\"section\" data-colibri-id=\"573-c7\" id=\"custom-2\" class=\"h-section h-section-global-spacing d-flex align-items-lg-center align-items-md-center align-items-center style-887 style-local-573-c7 position-relative\">\n    <!---->\n    <!---->\n    <div class=\"h-section-grid-container h-section-boxed-container\">\n      <!---->\n      <div data-colibri-id=\"573-c8\" class=\"h-row-container gutters-row-lg-2 gutters-row-md-2 gutters-row-0 gutters-row-v-lg-2 gutters-row-v-md-2 gutters-row-v-2 style-888 style-local-573-c8 position-relative\">\n        <!---->\n        <div class=\"h-row justify-content-lg-center justify-content-md-center justify-content-center align-items-lg-stretch align-items-md-stretch align-items-stretch gutters-col-lg-2 gutters-col-md-2 gutters-col-0 gutters-col-v-lg-2 gutters-col-v-md-2 gutters-col-v-2\">\n          <!---->\n          <div class=\"h-column h-column-container d-flex h-col-lg-auto h-col-md-auto h-col-auto style-889-outer style-local-573-c9-outer\">\n            <div data-colibri-id=\"573-c9\" class=\"d-flex h-flex-basis h-column__inner h-px-lg-2 h-px-md-2 h-px-2 v-inner-lg-2 v-inner-md-2 v-inner-2 style-889 style-local-573-c9 position-relative\">\n              <!---->\n              <!---->\n              <div class=\"w-100 h-y-container h-column__content h-column__v-align flex-basis-100 align-self-lg-start align-self-md-start align-self-start\">\n                <!---->\n                <div data-colibri-id=\"573-c10\" class=\"h-global-transition-all h-heading style-897 style-local-573-c10 position-relative h-element\">\n                  <!---->\n                  <div class=\"h-heading__outer style-897 style-local-573-c10\">\n                    <!---->\n                    <!---->\n                    <h1 class=\"\">Biographie du Recteur<\/h1>\n                  <\/div>\n                <\/div>\n                <div data-toggle=\"true\" data-is-preview=\"true\" data-colibri-component=\"accordion\" data-colibri-id=\"573-c11\" class=\"h-accordion style-890 style-local-573-c11 position-relative h-element\">\n                  <!---->\n                  <div data-colibri-id=\"573-c12\" class=\"h-accordion-item h-accordion-item-first-child style-891 style-local-573-c12 position-relative h-element\">\n                    <!---->\n                    <a data-open-by-default=\"true\" href=\"#573-c12\" class=\"h-accordion-item-title d-flex align-items-center h-global-transition\">\n                      <!----><span>Innocent Pierre GUISSOU <\/span>\n                      <div class=\"h-accordion-item-title-normal-icon h-accordion-item-title-icon h-accordion-item-title-icon-right\"><span class=\"h-svg-icon\"><!--Icon by Icons8 Line Awesome (https:\/\/icons8.com\/line-awesome)--><svg version=\"1.1\" xmlns=\"http:\/\/www.w3.org\/2000\/svg\" xmlns:xlink=\"http:\/\/www.w3.org\/1999\/xlink\" id=\"plus\" viewBox=\"0 0 512 545.5\"><path d=\"M240 112h32v160h160v32H272v160h-32V304H80v-32h160V112z\"><\/path><\/svg><\/span><\/div>\n                      <div class=\"h-accordion-item-title-active-icon h-accordion-item-title-icon h-accordion-item-title-icon-right\"><span class=\"h-svg-icon\"><!--Icon by Icons8 Line Awesome (https:\/\/icons8.com\/line-awesome)--><svg version=\"1.1\" xmlns=\"http:\/\/www.w3.org\/2000\/svg\" xmlns:xlink=\"http:\/\/www.w3.org\/1999\/xlink\" id=\"minus\" viewBox=\"0 0 512 545.5\"><path d=\"M80 272h352v32H80v-32z\"><\/path><\/svg><\/span><\/div>\n                    <\/a>\n                    <div id=\"573-c12\" class=\"h-accordion-item-content__container\">\n                      <div class=\"w-100 h-y-container h-accordion-item-content\">\n                        <!---->\n                        <div data-colibri-id=\"573-c13\" class=\"h-text h-text-component style-892 style-local-573-c13 position-relative h-element\">\n                          <!---->\n                          <!---->\n                          <div class=\"\">\n                            <p>Pharmacien Pharmacologue-toxicologue<\/p>\n                            <p>Professeur Titulaire d\u2019Universit\u00e9 <\/p>\n                            <p>UNIVERSITE SAINT THOMAS D\u2019AQUIN (USTA) <\/p>\n                            <p> OUAGADOUGOU. BURKINA FASO<\/p>\n                            <p>\n                              <br>\n                            <\/p>\n                            <p>N\u00e9 le 19 octobre 1950 \u00e0 Bobo-dioulasso (Burkina Faso)<\/p>\n                            <p>Nationalit\u00e9 Burkinab\u00e8 <\/p>\n                            <p>Mari\u00e9, p\u00e8re de deux (02) enfants.<\/p>\n                          <\/div>\n                        <\/div>\n                      <\/div>\n                    <\/div>\n                  <\/div>\n                  <div data-colibri-id=\"573-c14\" class=\"h-accordion-item style-893 style-local-573-c14 position-relative h-element\">\n                    <!---->\n                    <a data-open-by-default=\"false\" href=\"#573-c14\" class=\"h-accordion-item-title d-flex align-items-center h-global-transition\">\n                      <!----><span>DIPL\u00d4MES ET TITRES UNIVERSITAIRES<\/span>\n                      <div class=\"h-accordion-item-title-normal-icon h-accordion-item-title-icon h-accordion-item-title-icon-right\"><span class=\"h-svg-icon\"><!--Icon by Icons8 Line Awesome (https:\/\/icons8.com\/line-awesome)--><svg version=\"1.1\" xmlns=\"http:\/\/www.w3.org\/2000\/svg\" xmlns:xlink=\"http:\/\/www.w3.org\/1999\/xlink\" id=\"plus\" viewBox=\"0 0 512 545.5\"><path d=\"M240 112h32v160h160v32H272v160h-32V304H80v-32h160V112z\"><\/path><\/svg><\/span><\/div>\n                      <div class=\"h-accordion-item-title-active-icon h-accordion-item-title-icon h-accordion-item-title-icon-right\"><span class=\"h-svg-icon\"><!--Icon by Icons8 Line Awesome (https:\/\/icons8.com\/line-awesome)--><svg version=\"1.1\" xmlns=\"http:\/\/www.w3.org\/2000\/svg\" xmlns:xlink=\"http:\/\/www.w3.org\/1999\/xlink\" id=\"minus\" viewBox=\"0 0 512 545.5\"><path d=\"M80 272h352v32H80v-32z\"><\/path><\/svg><\/span><\/div>\n                    <\/a>\n                    <div id=\"573-c14\" class=\"h-accordion-item-content__container\">\n                      <div class=\"w-100 h-y-container h-accordion-item-content\">\n                        <!---->\n                        <div data-colibri-id=\"573-c15\" class=\"h-text h-text-component style-894 style-local-573-c15 position-relative h-element\">\n                          <!---->\n                          <!---->\n                          <div class=\"\">\n                            <p>1- Baccalaur\u00e9at (s\u00e9rie sciences D)&nbsp; &#8211;&nbsp;&nbsp; Ouagadougou 1970<\/p>\n                            <p>2- Dipl\u00f4me d\u2019Etat de Pharmacien&nbsp;(Option biologie)&nbsp; &#8211;&nbsp;&nbsp; Universit\u00e9 de Dakar 1975 (S\u00e9n\u00e9gal)\n                              <br>\n                            <\/p>\n                            <p>3- Certificat d\u2019Etudes Sup\u00e9rieures (CES)&nbsp;&nbsp;&nbsp;Toxicologie et Hygi\u00e8ne Industrielle&nbsp;&nbsp; &#8211;&nbsp;&nbsp; Universit\u00e9 de Lyon I. 1977 (France)<\/p>\n                            <p>4- Dipl\u00f4me d\u2019Etudes approfondies (DEA) Pharmacologie -Pharmacocin\u00e9tique&nbsp; &#8211;&nbsp;&nbsp; Universit\u00e9 de Lyon I. 1980 (France)<\/p>\n                            <p>5- Doctorat d\u2019Etat es Sciences pharmaceutiques &nbsp; &#8211;&nbsp;&nbsp; Universit\u00e9 de Lyon I. 1983&nbsp;(France)<\/p>\n                            <p>\u2022 Liste d\u2019Aptitude aux Fonctions de Ma\u00eetre Assistant de Pharmacologie&nbsp;&nbsp;&nbsp; &#8211;&nbsp;&nbsp; CAMES Dakar 1987 (S\u00e9n\u00e9gal)<\/p>\n                            <p> <\/p>\n                            <p>\u2022 Agr\u00e9gation en Sciences Pharmaceutiques (sp\u00e9cialit\u00e9 Pharmacologie) Ma\u00eetre de Conf\u00e9rences Agr\u00e9g\u00e9&nbsp;&nbsp;&nbsp; &#8211;&nbsp;&nbsp; CAMES Antananarivo 1990 Madagascar<\/p>\n                            <p>\u2022 Liste d\u2019Aptitude aux Fonctions de Professeur titulaire de Pharmacologie&nbsp;&nbsp;&nbsp; &#8211;&nbsp;&nbsp; CAMES Ouagadougou 1996 (Burkina Faso)<\/p>\n                            <p>Professeur titulaire d\u2019Universit\u00e9. Pharmacologie-toxicologie Ouagadougou Juillet 1996,\n                              <br>classe exceptionnelle depuis Janvier 2000.\n                              <br>Enseignant \u2013 chercheur : pharmacologie-toxicologie<\/p>\n                            <p>Depuis 2017 Universit\u00e9 Saint Thomas d\u2019Aquin (USTA) de Ouagadougou. Burkina Faso<\/p>\n                          <\/div>\n                        <\/div>\n                      <\/div>\n                    <\/div>\n                  <\/div>\n                  <div data-colibri-id=\"573-c16\" class=\"h-accordion-item style-895 style-local-573-c16 position-relative h-element\">\n                    <!---->\n                    <a data-open-by-default=\"false\" href=\"#573-c16\" class=\"h-accordion-item-title d-flex align-items-center h-global-transition\">\n                      <!----><span> DOMAINES DE COMPETENCE<\/span>\n                      <div class=\"h-accordion-item-title-normal-icon h-accordion-item-title-icon h-accordion-item-title-icon-right\"><span class=\"h-svg-icon\"><!--Icon by Icons8 Line Awesome (https:\/\/icons8.com\/line-awesome)--><svg version=\"1.1\" xmlns=\"http:\/\/www.w3.org\/2000\/svg\" xmlns:xlink=\"http:\/\/www.w3.org\/1999\/xlink\" id=\"plus\" viewBox=\"0 0 512 545.5\"><path d=\"M240 112h32v160h160v32H272v160h-32V304H80v-32h160V112z\"><\/path><\/svg><\/span><\/div>\n                      <div class=\"h-accordion-item-title-active-icon h-accordion-item-title-icon h-accordion-item-title-icon-right\"><span class=\"h-svg-icon\"><!--Icon by Icons8 Line Awesome (https:\/\/icons8.com\/line-awesome)--><svg version=\"1.1\" xmlns=\"http:\/\/www.w3.org\/2000\/svg\" xmlns:xlink=\"http:\/\/www.w3.org\/1999\/xlink\" id=\"minus\" viewBox=\"0 0 512 545.5\"><path d=\"M80 272h352v32H80v-32z\"><\/path><\/svg><\/span><\/div>\n                    <\/a>\n                    <div id=\"573-c16\" class=\"h-accordion-item-content__container\">\n                      <div class=\"w-100 h-y-container h-accordion-item-content\">\n                        <!---->\n                        <div data-colibri-id=\"573-c17\" class=\"h-text h-text-component style-896 style-local-573-c17 position-relative h-element\">\n                          <!---->\n                          <!---->\n                          <div class=\"\">\n                            <p>Formations \u2013 Recherche scientifique et Expertises sur : <\/p>\n                            <p>&#8211; Les m\u00e9dicaments, leurs gestion, qualit\u00e9 et bon usage ;\n                              <br>&#8211; Les produits chimiques et leurs nuisances sanitaires et environnementales ;\n                              <br>&#8211; Les substances addictives (drogues, toxicomanies et dopage) ;\n                              <br>&#8211; La toxicologie de l\u2019environnement et en milieu de travail ; la toxicologie m\u00e9dicol\u00e9gale ;\n                              <br>&#8211; La m\u00e9decine traditionnelle et d\u00e9veloppement de phytom\u00e9dicaments ;\n                              <br>&#8211; L\u2019assurance qualit\u00e9 en bonnes pratiques pharmaceutiques.\n                              <br>&#8211; Formations de formateurs dans les domaines de comp\u00e9tences<\/p>\n                          <\/div>\n                        <\/div>\n                      <\/div>\n                    <\/div>\n                  <\/div>\n                  <div data-colibri-id=\"573-c18\" class=\"h-accordion-item style-898 style-local-573-c18 position-relative h-element\">\n                    <!---->\n                    <a data-open-by-default=\"false\" href=\"#573-c18\" class=\"h-accordion-item-title d-flex align-items-center h-global-transition\">\n                      <!----><span>EXPERIENCES PROFESSIONNELLES<\/span>\n                      <div class=\"h-accordion-item-title-normal-icon h-accordion-item-title-icon h-accordion-item-title-icon-right\"><span class=\"h-svg-icon\"><!--Icon by Icons8 Line Awesome (https:\/\/icons8.com\/line-awesome)--><svg version=\"1.1\" xmlns=\"http:\/\/www.w3.org\/2000\/svg\" xmlns:xlink=\"http:\/\/www.w3.org\/1999\/xlink\" id=\"plus\" viewBox=\"0 0 512 545.5\"><path d=\"M240 112h32v160h160v32H272v160h-32V304H80v-32h160V112z\"><\/path><\/svg><\/span><\/div>\n                      <div class=\"h-accordion-item-title-active-icon h-accordion-item-title-icon h-accordion-item-title-icon-right\"><span class=\"h-svg-icon\"><!--Icon by Icons8 Line Awesome (https:\/\/icons8.com\/line-awesome)--><svg version=\"1.1\" xmlns=\"http:\/\/www.w3.org\/2000\/svg\" xmlns:xlink=\"http:\/\/www.w3.org\/1999\/xlink\" id=\"minus\" viewBox=\"0 0 512 545.5\"><path d=\"M80 272h352v32H80v-32z\"><\/path><\/svg><\/span><\/div>\n                    <\/a>\n                    <div id=\"573-c18\" class=\"h-accordion-item-content__container\">\n                      <div class=\"w-100 h-y-container h-accordion-item-content\">\n                        <!---->\n                        <div data-colibri-id=\"573-c19\" class=\"h-text h-text-component style-899 style-local-573-c19 position-relative h-element\">\n                          <!---->\n                          <!---->\n                          <div class=\"\">\n                            <h5>Formations \u2013 Recherche scientifique et Expertises sur :<\/h5>\n                            <h5>1) FONCTIONS DANS L\u2019ENSEIGNEMENT<\/h5>\n                            <p>&#8211; 1984 \u00e0 nos jours (2022) Enseignant \u2013 chercheur (Professeur titulaire d\u2019universit\u00e9)\n                              <br>Actuellement \u00e0 la Facult\u00e9 des sciences de la sant\u00e9 de l\u2019universit\u00e9 saint Thomas d\u2019Aquin<\/p>\n                            <p>&#8211; 1990. Vice Doyen charg\u00e9 de la recherche puis des affaires acad\u00e9miques. Responsable de la mise en place de la section pharmacie de l\u2019UFR\/Sciences de la Sant\u00e9 (U. Ouagadougou) et de la facult\u00e9 des sciences de la sant\u00e9 de l\u2019universit\u00e9\n                              Saint Thomas d\u2019Aquin (USTA) ;\n                              <br>&#8211; Depuis 1990 \u00e0 nos jours. Enseignant missionnaire pour diff\u00e9rentes facult\u00e9s des sciences de sant\u00e9 (Cameroun, Cotonou, Dakar, Lom\u00e9 et Parakou). Vacataire (INNSA Bobo ; UCAO Bobo ; AUBEN Ouaga Ouahigouya Burkina Faso)\n                              <br>&#8211; 2000. Promoteur et Coordonnateur du 3\u00e8me Cycle Sp\u00e9cialis\u00e9 et Doctoral en sciences pharmaceutiques (Pharmacologie Appliqu\u00e9e et Toxicologie Appliqu\u00e9e) UFR\/SDS. U. Ouagadougou\n                              <br>&#8211; 2011-2016 Directeur de l\u2019Ecole doctorale de la Sant\u00e9. U. Ouaga I Pr J. KI-ZERBO (Burkina)\n                              <br>&#8211; 2014 Responsable du comit\u00e9 p\u00e9dagogique du Master professionnel de \u00ab Sant\u00e9 et Sciences du M\u00e9dicament \u00bb de UFR\/SDS U. Ouaga I Pr J. KI-ZERBO\n                              <br>&#8211; 2015 Responsable du programme bio-analyse et Assurance qualit\u00e9 de U-AUBEN\n                              <br>&#8211; 2017 \u00e0 nos jours. Enseignant-chercheur de pharmacologie-toxicologie et connexes Facult\u00e9 des Sciences de la Sant\u00e9 USTA\n                              <br>&#8211; 2017-2021 Doyen de la Facult\u00e9 des Sciences de la Sant\u00e9 de l\u2019U. Saint Thomas d\u2019Aquin (USTA) Ouagadougou. Burkina Faso.\n                              <br>&#8211; Depuis 2021. Recteur de l\u2019USTA.<\/p>\n                            <h5>2) FONCTIONS DANS LA RECHERCHE SCIENTIFIQUE<\/h5>\n                            <p>\u2022 1984 \u00e0 octobre 2017<\/p>\n                            <p>&#8211; Enseignant &#8211; chercheur \u00e0 l\u2019Institut de Recherche en Sciences de la Sant\u00e9 (IRSS)\n                              <br>Direction de Recherches sur la M\u00e9decine Traditionnelle et les Plantes m\u00e9dicinales (Biologie \u2013 Pharmacologie et Toxicologie).\n                              <br>&#8211; Encadrement de recherches de fin d\u2019Etudes (soutenances sous forme de m\u00e9moires et th\u00e8ses d\u2019exercice professionnel ou es sciences type PhD) dans les domaines du m\u00e9dicament (gestion, dispensation et pharmacovigilance ; pharmacie\n                              clinique et pharmacoth\u00e9rapeutique), de la toxicologie (intoxication, drogues &#8211; toxicomanies, pesticides et toxicovigilance), des plantes m\u00e9dicinales, de la pharmacie et de la biologie m\u00e9dicale.\n                              <br>&#8211; Promoteur de divers projets de partenariat (Belgique, France, Su\u00e8de, Afrique).\n                              <br>&#8211; Responsable des laboratoires de Pharmacologie et Toxicologie UFR Sc. Sant\u00e9.\n                              <br>Universit\u00e9 de Ouagadougou.\n                              <br>\u2022 2017 \u00e0 ce jour. Responsable du laboratoire de Pharmacologie &#8211; Toxicologie en sant\u00e9 et environnement. Centre de Recherche en biologie mol\u00e9culaire (CERBA) Burkina Faso.<\/p>\n                            <h5>3) ACTIVITES HOSPITALIERES<\/h5>\n                            <p>\u2022 1978 \u2013 1980 et 1991 \u00e0 2003.\n                              <br>&#8211; Pharmacien responsable du Laboratoire de Chimie biologique du Centre Hospitalier National Yalgado (CHN \u2013 Y.O.) de Ouagadougou (Burkina Faso) ;<\/p>\n                            <p>\u2022 2003 \u00e0 2012\n                              <br>&#8211; Chef de service de la pharmacie hospitali\u00e8re du CHU \u2013 YO.\n                              <br>&#8211; Chef du D\u00e9partement Laboratoires et de la Pharmacie Hospitali\u00e8re du CHU \u2013 Y.O.\n                              <br>&#8211; Ma\u00eetre de stages hospitaliers d\u2019\u00e9tudiants en Pharmacie et M\u00e9decine.<\/p>\n                            <p>\u2022 2013\n                              <br>&#8211; Chef du d\u00e9partement de la Pharmacie hospitali\u00e8re\n                              <br>&#8211; Chef de service de la Pharmacoth\u00e9rapeutique-Pharmacie cliniques<\/p>\n                            <h5>4) ADMINISTRATIONS<\/h5>\n                            <p>1978 \u00e0 nos jours\n                              <br>Diverses responsabilit\u00e9s administratives universitaires, recherches scientifiques et hospitali\u00e8re (U. Ouaga I ; Chu Yalgado Ou\u00e9draogo \u2013 Burkina Faso) :\n                              <br>D\u00e9canat, laboratoire d\u2019analyses biom\u00e9dicales, laboratoire de recherche, d\u00e9partements d\u2019enseignement et de recherche, formation sp\u00e9cialis\u00e9e et\n                              <br>doctorale en Sciences Pharmaceutiques, \u00e9cole doctorale, services hospitalo-universitaires.\n                              <br>Responsable de programmes de formation en sciences de la sant\u00e9 et biologique<\/p>\n                            <h5>5) EXPERTISES PROFESSIONNELLES<\/h5>\n                            <p>&#8211; Enseignement et formation en sciences de la sant\u00e9 et de biologie biom\u00e9dicale\n                              <br>&#8211; Recherche en sant\u00e9 dans le domaine du m\u00e9dicament et de la toxicologie\n                              <br>&#8211; D\u00e9veloppement de phytom\u00e9dicaments ; s\u00e9curisation de l\u2019usage du m\u00e9dicament\n                              <br>&#8211; Evaluations et expertises dans le domaine de la formation et de la sant\u00e9\n                              <br>&#8211; Essais cliniques, pharmacovigilance et toxicovigilance.\n                              <br>&#8211; Homologation (AMM) du m\u00e9dicament\n                              <br>&#8211; Expert sur la toxicologie de l\u2019environnement (bon usage des pesticides ; pollution de l\u2019air et de l\u2019eau ; milieux du travail)\n                              <br>&#8211; Expert pour le Minist\u00e8re de la Sant\u00e9, de l\u2019agriculture, du CSP\/CILSS\n                              <br>&#8211; Programme MIA (Risques toxicologiques du mercure)\n                              <br>&#8211; Pr\u00e9sident du jury d\u2019agr\u00e9gation en pharmacie du CAMES jusqu\u2019en 2016<\/p>\n                            <h5>6) SOCIETES SAVANTES ET ASSOCIATIVES<\/h5>\n                            <p>&#8211; Soci\u00e9t\u00e9 M\u00e9dicale du Burkina ;\n                              <br>&#8211; Soci\u00e9t\u00e9 de Pharmacologie et de Toxicologie du Burkina (SOPHATOX). Pr\u00e9sident actuel\n                              <br>&#8211; Acad\u00e9mie Nationales des Sciences des Lettres et des arts du Burkina (Coll\u00e8ge Sant\u00e9)\n                              <br>&#8211; Soci\u00e9t\u00e9 Pharmaceutique de Belgique\n                              <br>&#8211; Acad\u00e9mie Nationale de Pharmacie de France (Section 2)\n                              <br>&#8211; Association Burkinab\u00e8 d\u2019Action contre le Diab\u00e8te (ABAD). Pr\u00e9sident actuel.<\/p>\n                            <h5>7) RECONNAISSANCES \u2013 DECORATIONS \u2013 PRIX<\/h5>\n                            <p>&#8211; Officier de l\u2019Ordre National du Burkina 2012\n                              <br>&#8211; Officier de l\u2019Ordre des Palmes acad\u00e9miques du Gabon 2012\n                              <br>&#8211; Officier de l\u2019ordre des Palmes Acad\u00e9miques du Togo 2010\n                              <br>&#8211; Officier de l\u2019ordre du m\u00e9rite de la sant\u00e9 et de l\u2019action sociale (Burkina Faso) 2009\n                              <br>&#8211; Chevalier de l\u2019ordre national du Mali. 2006\n                              <br>&#8211; Chevalier de l\u2019ordre national du Burkina Faso. 2005\n                              <br>&#8211; Chevalier de l\u2019ordre du m\u00e9rite des Palmes acad\u00e9miques (Burkina Faso) 1999\n                              <br>&#8211; Prix du Pr\u00e9sident du FASO sur l\u2019invention 2004 (M\u00e9thode diagnostique phytochimiques du paludisme).\n                              <br>&#8211; Diff\u00e9rentes reconnaissances de l\u2019Ordre National des pharmaciens du Burkina Diff\u00e9rentes\n                              <br>&#8211; Diff\u00e9rentes reconnaissances de l\u2019Universit\u00e9 de Ouagadougou. Burkina Faso.<\/p>\n                          <\/div>\n                        <\/div>\n                      <\/div>\n                    <\/div>\n                  <\/div>\n                  <div data-colibri-id=\"573-c20\" class=\"h-accordion-item style-900 style-local-573-c20 position-relative h-element\">\n                    <!---->\n                    <a data-open-by-default=\"false\" href=\"#573-c20\" class=\"h-accordion-item-title d-flex align-items-center h-global-transition\">\n                      <!----><span>PRODUCTIONS ET PUBLICATIONS SCIENTIFIQUES<\/span>\n                      <div class=\"h-accordion-item-title-normal-icon h-accordion-item-title-icon h-accordion-item-title-icon-right\"><span class=\"h-svg-icon\"><!--Icon by Icons8 Line Awesome (https:\/\/icons8.com\/line-awesome)--><svg version=\"1.1\" xmlns=\"http:\/\/www.w3.org\/2000\/svg\" xmlns:xlink=\"http:\/\/www.w3.org\/1999\/xlink\" id=\"plus\" viewBox=\"0 0 512 545.5\"><path d=\"M240 112h32v160h160v32H272v160h-32V304H80v-32h160V112z\"><\/path><\/svg><\/span><\/div>\n                      <div class=\"h-accordion-item-title-active-icon h-accordion-item-title-icon h-accordion-item-title-icon-right\"><span class=\"h-svg-icon\"><!--Icon by Icons8 Line Awesome (https:\/\/icons8.com\/line-awesome)--><svg version=\"1.1\" xmlns=\"http:\/\/www.w3.org\/2000\/svg\" xmlns:xlink=\"http:\/\/www.w3.org\/1999\/xlink\" id=\"minus\" viewBox=\"0 0 512 545.5\"><path d=\"M80 272h352v32H80v-32z\"><\/path><\/svg><\/span><\/div>\n                    <\/a>\n                    <div id=\"573-c20\" class=\"h-accordion-item-content__container\">\n                      <div class=\"w-100 h-y-container h-accordion-item-content\">\n                        <!---->\n                        <div data-colibri-id=\"573-c21\" class=\"h-text h-text-component style-901 style-local-573-c21 position-relative h-element\">\n                          <!---->\n                          <!---->\n                          <div class=\"\">\n                            <h5>1) AXES DE RECHERCHE<\/h5>\n                            <p>&#8211; Pharmacop\u00e9e et M\u00e9decine traditionnelles &#8211; Plantes M\u00e9dicinales.\n                              <br>&#8211; Qualit\u00e9 et Usage rationnel des m\u00e9dicaments en th\u00e9rapeutique, pharmaco -\u00e9pid\u00e9miologie, Risques des m\u00e9dicaments. Pratiques pharmaceutiques.\n                              <br>&#8211; Intoxications &#8211; Toxicomanies et drogues. Toxicit\u00e9 des pesticides et produits chimiques pour l\u2019Environnement, les utilisateurs.\n                              <br>&#8211; Sant\u00e9 et S\u00e9curit\u00e9 en milieu de travail. <\/p>\n                            <h5>2) NOMBRE DE PUBLICATIONS <\/h5>\n                            <p>Au plan national et international de 1983 \u00e0 nos jours.\n                              <br>&#8211; 01 m\u00e9moire de fin d\u2019\u00e9tude de pharmacie ;\n                              <br>&#8211; 01 m\u00e9moire de DESS de toxicologie\n                              <br>&#8211; 01 m\u00e9moire de DEA en Pharmacologie ;\n                              <br>&#8211; 01 th\u00e8se d\u2019Etat es Sciences Pharmaceutiques.\n                              <br>&#8211; 150 publications dans des revues scientifiques diverses index\u00e9es et \u00e0 comit\u00e9 de lecture\n                              <br>&#8211; 78 communications Scientifiques ;\n                              <br>&#8211; 07 monographies publi\u00e9es ;\n                              <br>&#8211; 90 m\u00e9moires encadr\u00e9s et soutenus de fin d\u2019\u00e9tudes (pharmacie, biologie appliqu\u00e9e), th\u00e8ses d\u2019exercice (m\u00e9decine, pharmacie)\n                              <br>&#8211; 10 th\u00e8ses d\u2019Universit\u00e9 encadr\u00e9es et soutenues de doctorat Unique en Sciences Pharmaceutiques ou Biologiques (Pharmacologie et Toxicologie ; plantes m\u00e9dicinales et phytom\u00e9dicaments).<\/p>\n                            <h5>3) INVENTEUR-INNOVATEUR<\/h5>\n                            <p>&#8211; D\u00e9couvreur du phytom\u00e9dicament \u00ab FACA \u00bb antidr\u00e9panocytaire (AMM du minist\u00e8re de la sant\u00e9 du Burkina Faso depuis 2010)\n                              <br>&#8211; Co-d\u00e9tenteur de brevets sur des phytom\u00e9dicaments anti canc\u00e9reux <\/p>\n                            <h5>\n                              <br> <\/h5>\n                          <\/div>\n                        <\/div>\n                      <\/div>\n                    <\/div>\n                  <\/div>\n                <\/div>\n              <\/div>\n            <\/div>\n          <\/div>\n        <\/div>\n      <\/div>\n    <\/div>\n  <\/div>\n<\/div>","protected":false},"excerpt":{"rendered":"<p>Mot du Recteur Chers visiteurs, chers partenaires, chers membres de la communaut\u00e9 universitaire, l\u2019Universit\u00e9 Saint Thomas d\u2019Aquin (USTA) est heureuse de vous accueillir sur son site institutionnel. Situ\u00e9e dans l\u2019accueillante commune de Saaba \u00e0 la p\u00e9riph\u00e9rie Est de la ville de Ouagadougou, l\u2019USTA contribue depuis octobre 2004, par l\u2019enseignement sup\u00e9rieur et la recherche, \u00e0 la [&hellip;]<\/p>\n","protected":false},"author":1,"featured_media":0,"parent":0,"menu_order":0,"comment_status":"closed","ping_status":"closed","template":"page-templates\/full-width-page.php","meta":{"footnotes":""},"class_list":["post-573","page","type-page","status-publish","hentry"],"yoast_head":"<!-- This site is optimized with the Yoast SEO plugin v26.0 - https:\/\/yoast.com\/wordpress\/plugins\/seo\/ -->\n<title>Mot du Recteur - Universit\u00e9 Saint Thomas D&#039;Aquin<\/title>\n<meta name=\"robots\" content=\"index, follow, max-snippet:-1, max-image-preview:large, max-video-preview:-1\" \/>\n<link rel=\"canonical\" href=\"https:\/\/usta.bf\/?page_id=573\" \/>\n<meta property=\"og:locale\" content=\"fr_FR\" \/>\n<meta property=\"og:type\" content=\"article\" \/>\n<meta property=\"og:title\" content=\"Mot du Recteur - Universit\u00e9 Saint Thomas D&#039;Aquin\" \/>\n<meta property=\"og:description\" content=\"Mot du Recteur Chers visiteurs, chers partenaires, chers membres de la communaut\u00e9 universitaire, l\u2019Universit\u00e9 Saint Thomas d\u2019Aquin (USTA) est heureuse de vous accueillir sur son site institutionnel. Situ\u00e9e dans l\u2019accueillante commune de Saaba \u00e0 la p\u00e9riph\u00e9rie Est de la ville de Ouagadougou, l\u2019USTA contribue depuis octobre 2004, par l\u2019enseignement sup\u00e9rieur et la recherche, \u00e0 la [&hellip;]\" \/>\n<meta property=\"og:url\" content=\"https:\/\/usta.bf\/?page_id=573\" \/>\n<meta property=\"og:site_name\" content=\"Universit\u00e9 Saint Thomas D&#039;Aquin\" \/>\n<meta property=\"article:publisher\" content=\"https:\/\/www.facebook.com\/USTA\/\" \/>\n<meta property=\"article:modified_time\" content=\"2022-08-08T11:27:12+00:00\" \/>\n<meta name=\"twitter:card\" content=\"summary_large_image\" \/>\n<meta name=\"twitter:site\" content=\"@ustabf\" \/>\n<meta name=\"twitter:label1\" content=\"Dur\u00e9e de lecture estim\u00e9e\" \/>\n\t<meta name=\"twitter:data1\" content=\"10 minutes\" \/>\n<script type=\"application\/ld+json\" class=\"yoast-schema-graph\">{\"@context\":\"https:\/\/schema.org\",\"@graph\":[{\"@type\":\"WebPage\",\"@id\":\"https:\/\/usta.bf\/?page_id=573\",\"url\":\"https:\/\/usta.bf\/?page_id=573\",\"name\":\"Mot du Recteur - Universit\u00e9 Saint Thomas D&#039;Aquin\",\"isPartOf\":{\"@id\":\"https:\/\/usta.bf\/#website\"},\"datePublished\":\"2022-07-01T05:47:16+00:00\",\"dateModified\":\"2022-08-08T11:27:12+00:00\",\"breadcrumb\":{\"@id\":\"https:\/\/usta.bf\/?page_id=573#breadcrumb\"},\"inLanguage\":\"fr-FR\",\"potentialAction\":[{\"@type\":\"ReadAction\",\"target\":[\"https:\/\/usta.bf\/?page_id=573\"]}]},{\"@type\":\"BreadcrumbList\",\"@id\":\"https:\/\/usta.bf\/?page_id=573#breadcrumb\",\"itemListElement\":[{\"@type\":\"ListItem\",\"position\":1,\"name\":\"Accueil\",\"item\":\"https:\/\/usta.bf\/\"},{\"@type\":\"ListItem\",\"position\":2,\"name\":\"Mot du Recteur\"}]},{\"@type\":\"WebSite\",\"@id\":\"https:\/\/usta.bf\/#website\",\"url\":\"https:\/\/usta.bf\/\",\"name\":\"Universit\u00e9 Saint Thomas D&#039;Aquin\",\"description\":\"Veritas - Fides- Scientia\",\"publisher\":{\"@id\":\"https:\/\/usta.bf\/#organization\"},\"potentialAction\":[{\"@type\":\"SearchAction\",\"target\":{\"@type\":\"EntryPoint\",\"urlTemplate\":\"https:\/\/usta.bf\/?s={search_term_string}\"},\"query-input\":{\"@type\":\"PropertyValueSpecification\",\"valueRequired\":true,\"valueName\":\"search_term_string\"}}],\"inLanguage\":\"fr-FR\"},{\"@type\":\"Organization\",\"@id\":\"https:\/\/usta.bf\/#organization\",\"name\":\"Universit\u00e9 Saint Thomas D&#039;Aquin\",\"url\":\"https:\/\/usta.bf\/\",\"logo\":{\"@type\":\"ImageObject\",\"inLanguage\":\"fr-FR\",\"@id\":\"https:\/\/usta.bf\/#\/schema\/logo\/image\/\",\"url\":\"https:\/\/usta.bf\/wp-content\/uploads\/2022\/07\/cropped-logo_site_web_beta2.fw_.png\",\"contentUrl\":\"https:\/\/usta.bf\/wp-content\/uploads\/2022\/07\/cropped-logo_site_web_beta2.fw_.png\",\"width\":460,\"height\":126,\"caption\":\"Universit\u00e9 Saint Thomas D&#039;Aquin  \"},\"image\":{\"@id\":\"https:\/\/usta.bf\/#\/schema\/logo\/image\/\"},\"sameAs\":[\"https:\/\/www.facebook.com\/USTA\/\",\"https:\/\/x.com\/ustabf\"]}]}<\/script>\n<!-- \/ Yoast SEO plugin. -->","yoast_head_json":{"title":"Mot du Recteur - Universit\u00e9 Saint Thomas D&#039;Aquin","robots":{"index":"index","follow":"follow","max-snippet":"max-snippet:-1","max-image-preview":"max-image-preview:large","max-video-preview":"max-video-preview:-1"},"canonical":"https:\/\/usta.bf\/?page_id=573","og_locale":"fr_FR","og_type":"article","og_title":"Mot du Recteur - Universit\u00e9 Saint Thomas D&#039;Aquin","og_description":"Mot du Recteur Chers visiteurs, chers partenaires, chers membres de la communaut\u00e9 universitaire, l\u2019Universit\u00e9 Saint Thomas d\u2019Aquin (USTA) est heureuse de vous accueillir sur son site institutionnel. Situ\u00e9e dans l\u2019accueillante commune de Saaba \u00e0 la p\u00e9riph\u00e9rie Est de la ville de Ouagadougou, l\u2019USTA contribue depuis octobre 2004, par l\u2019enseignement sup\u00e9rieur et la recherche, \u00e0 la [&hellip;]","og_url":"https:\/\/usta.bf\/?page_id=573","og_site_name":"Universit\u00e9 Saint Thomas D&#039;Aquin","article_publisher":"https:\/\/www.facebook.com\/USTA\/","article_modified_time":"2022-08-08T11:27:12+00:00","twitter_card":"summary_large_image","twitter_site":"@ustabf","twitter_misc":{"Dur\u00e9e de lecture estim\u00e9e":"10 minutes"},"schema":{"@context":"https:\/\/schema.org","@graph":[{"@type":"WebPage","@id":"https:\/\/usta.bf\/?page_id=573","url":"https:\/\/usta.bf\/?page_id=573","name":"Mot du Recteur - Universit\u00e9 Saint Thomas D&#039;Aquin","isPartOf":{"@id":"https:\/\/usta.bf\/#website"},"datePublished":"2022-07-01T05:47:16+00:00","dateModified":"2022-08-08T11:27:12+00:00","breadcrumb":{"@id":"https:\/\/usta.bf\/?page_id=573#breadcrumb"},"inLanguage":"fr-FR","potentialAction":[{"@type":"ReadAction","target":["https:\/\/usta.bf\/?page_id=573"]}]},{"@type":"BreadcrumbList","@id":"https:\/\/usta.bf\/?page_id=573#breadcrumb","itemListElement":[{"@type":"ListItem","position":1,"name":"Accueil","item":"https:\/\/usta.bf\/"},{"@type":"ListItem","position":2,"name":"Mot du Recteur"}]},{"@type":"WebSite","@id":"https:\/\/usta.bf\/#website","url":"https:\/\/usta.bf\/","name":"Universit\u00e9 Saint Thomas D&#039;Aquin","description":"Veritas - Fides- Scientia","publisher":{"@id":"https:\/\/usta.bf\/#organization"},"potentialAction":[{"@type":"SearchAction","target":{"@type":"EntryPoint","urlTemplate":"https:\/\/usta.bf\/?s={search_term_string}"},"query-input":{"@type":"PropertyValueSpecification","valueRequired":true,"valueName":"search_term_string"}}],"inLanguage":"fr-FR"},{"@type":"Organization","@id":"https:\/\/usta.bf\/#organization","name":"Universit\u00e9 Saint Thomas D&#039;Aquin","url":"https:\/\/usta.bf\/","logo":{"@type":"ImageObject","inLanguage":"fr-FR","@id":"https:\/\/usta.bf\/#\/schema\/logo\/image\/","url":"https:\/\/usta.bf\/wp-content\/uploads\/2022\/07\/cropped-logo_site_web_beta2.fw_.png","contentUrl":"https:\/\/usta.bf\/wp-content\/uploads\/2022\/07\/cropped-logo_site_web_beta2.fw_.png","width":460,"height":126,"caption":"Universit\u00e9 Saint Thomas D&#039;Aquin  "},"image":{"@id":"https:\/\/usta.bf\/#\/schema\/logo\/image\/"},"sameAs":["https:\/\/www.facebook.com\/USTA\/","https:\/\/x.com\/ustabf"]}]}},"_links":{"self":[{"href":"https:\/\/usta.bf\/index.php?rest_route=\/wp\/v2\/pages\/573","targetHints":{"allow":["GET"]}}],"collection":[{"href":"https:\/\/usta.bf\/index.php?rest_route=\/wp\/v2\/pages"}],"about":[{"href":"https:\/\/usta.bf\/index.php?rest_route=\/wp\/v2\/types\/page"}],"author":[{"embeddable":true,"href":"https:\/\/usta.bf\/index.php?rest_route=\/wp\/v2\/users\/1"}],"replies":[{"embeddable":true,"href":"https:\/\/usta.bf\/index.php?rest_route=%2Fwp%2Fv2%2Fcomments&post=573"}],"version-history":[{"count":12,"href":"https:\/\/usta.bf\/index.php?rest_route=\/wp\/v2\/pages\/573\/revisions"}],"predecessor-version":[{"id":1415,"href":"https:\/\/usta.bf\/index.php?rest_route=\/wp\/v2\/pages\/573\/revisions\/1415"}],"wp:attachment":[{"href":"https:\/\/usta.bf\/index.php?rest_route=%2Fwp%2Fv2%2Fmedia&parent=573"}],"curies":[{"name":"wp","href":"https:\/\/api.w.org\/{rel}","templated":true}]}}