{"id":73,"date":"2021-07-22T21:55:05","date_gmt":"2021-07-22T19:55:05","guid":{"rendered":"https:\/\/usta.bf\/?page_id=73"},"modified":"2025-07-18T13:27:36","modified_gmt":"2025-07-18T13:27:36","slug":"la-faculte-des-sciences-economiques-et-de-gestion","status":"publish","type":"page","link":"https:\/\/usta.bf\/?page_id=73","title":{"rendered":"La Facult\u00e9 des Sciences \u00c9conomiques et de Gestion"},"content":{"rendered":"\r\n<p><strong>Mission et objectifs<\/strong><\/p>\r\n\r\n\r\n\r\n<p>La Facult\u00e9 des sciences \u00e9conomiques et de gestion (FASEG) a ouvert ses portes en octobre 2004.<\/p>\r\n\r\n\r\n\r\n<p>\u00a0\u00a0\u00a0\u00a0\u00a0\u00a0\u00a0\u00a0\u00a0 Elle a pour vocation fondamentale la formation des cadres \u00e9conomiques pour les secteurs public et priv\u00e9. Elle contribue en outre, \u00e0 former de futurs enseignants de l\u2019enseignement secondaire, technique et sup\u00e9rieur.<\/p>\r\n\r\n\r\n\r\n<p>Elle a pour mission de promouvoir la recherche fondamentale et appliqu\u00e9e dans les domaines qui lui sont propres.Elle proc\u00e8de enfin aux travaux de recherche et de publication n\u00e9cessit\u00e9s par son objet ou qui lui sont demand\u00e9s.<\/p>\r\n\r\n\r\n\r\n<p><strong>L\u2019\u00e9quipe<\/strong><\/p>\r\n\r\n\r\n\r\n<p>Le d\u00e9canat, les enseignants, et le personnel administratif, technique et de soutien de la facult\u00e9 travaillent de concert pour offrir des formations, des services et un encadrement qui favorisent la r\u00e9ussite des \u00e9tudiants.<\/p>\r\n\r\n\r\n\r\n<p><strong>Perspectives<\/strong><\/p>\r\n\r\n\r\n\r\n<p>Les activit\u00e9s pr\u00e9vues en perspective au sein de la facult\u00e9 sont entre autres\u00a0:<\/p>\r\n\r\n\r\n\r\n<ul class=\"wp-block-list\">\r\n<li>L\u2019enrichissement de la biblioth\u00e8que en documents dans les disciplines de l\u2019\u00e9conomie et de la gestion\u00a0;<\/li>\r\n<li>Le recrutement d\u2019enseignants permanents\u00a0;<\/li>\r\n<li>L\u2019ouverture de nouveaux parcours de niveaux licence et master\u00a0;<\/li>\r\n<li>Le renforcement de la recherche en \u00e9conomie et en gestion.<\/li>\r\n<\/ul>\r\n\r\n\r\n\r\n<p><strong>Programmes<\/strong><\/p>\r\n\r\n\r\n\r\n<ul class=\"wp-block-list\">\r\n<li>Licence en \u00e9conomie et gestion des entreprises et des organisations\u00a0;<\/li>\r\n<li>Licence en comptabilit\u00e9, finance et audit\u00a0;<\/li>\r\n<li>Licence en gestion commerciale et marketing\u00a0;<\/li>\r\n<li>Licence en macro\u00e9conomie et gestion du d\u00e9veloppement\u00a0;<\/li>\r\n<li>Licence en \u00e9conomie agricole et de l\u2019environnement\u00a0;<\/li>\r\n<li>Master en \u00e9conomie et politique du d\u00e9veloppement\u00a0;<\/li>\r\n<li>Master en \u00e9conomie et politique agricole\u00a0;<\/li>\r\n<li>Master en banque et finance\u00a0;<\/li>\r\n<li>Master en comptabilit\u00e9, contr\u00f4le et audit\u00a0;<\/li>\r\n<\/ul>\r\n","protected":false},"excerpt":{"rendered":"<p>Mission et objectifs La Facult\u00e9 des sciences \u00e9conomiques et de gestion (FASEG) a ouvert ses portes en octobre 2004. \u00a0\u00a0\u00a0\u00a0\u00a0\u00a0\u00a0\u00a0\u00a0 Elle a pour vocation fondamentale la formation des cadres \u00e9conomiques pour les secteurs public et priv\u00e9. Elle contribue en outre, \u00e0 former de futurs enseignants de l\u2019enseignement secondaire, technique et sup\u00e9rieur. Elle a pour mission [&hellip;]<\/p>\n","protected":false},"author":1,"featured_media":0,"parent":0,"menu_order":0,"comment_status":"closed","ping_status":"closed","template":"","meta":{"footnotes":""},"class_list":["post-73","page","type-page","status-publish","hentry"],"yoast_head":"<!-- This site is optimized with the Yoast SEO plugin v26.0 - https:\/\/yoast.com\/wordpress\/plugins\/seo\/ -->\n<title>La Facult\u00e9 des Sciences \u00c9conomiques et de Gestion - Universit\u00e9 Saint Thomas D&#039;Aquin<\/title>\n<meta name=\"robots\" content=\"index, follow, max-snippet:-1, max-image-preview:large, max-video-preview:-1\" \/>\n<link rel=\"canonical\" href=\"https:\/\/usta.bf\/?page_id=73\" \/>\n<meta property=\"og:locale\" content=\"fr_FR\" \/>\n<meta property=\"og:type\" content=\"article\" \/>\n<meta property=\"og:title\" content=\"La Facult\u00e9 des Sciences \u00c9conomiques et de Gestion - Universit\u00e9 Saint Thomas D&#039;Aquin\" \/>\n<meta property=\"og:description\" content=\"Mission et objectifs La Facult\u00e9 des sciences \u00e9conomiques et de gestion (FASEG) a ouvert ses portes en octobre 2004. \u00a0\u00a0\u00a0\u00a0\u00a0\u00a0\u00a0\u00a0\u00a0 Elle a pour vocation fondamentale la formation des cadres \u00e9conomiques pour les secteurs public et priv\u00e9. Elle contribue en outre, \u00e0 former de futurs enseignants de l\u2019enseignement secondaire, technique et sup\u00e9rieur. Elle a pour mission [&hellip;]\" \/>\n<meta property=\"og:url\" content=\"https:\/\/usta.bf\/?page_id=73\" \/>\n<meta property=\"og:site_name\" content=\"Universit\u00e9 Saint Thomas D&#039;Aquin\" \/>\n<meta property=\"article:publisher\" content=\"https:\/\/www.facebook.com\/USTA\/\" \/>\n<meta property=\"article:modified_time\" content=\"2025-07-18T13:27:36+00:00\" \/>\n<meta name=\"twitter:card\" content=\"summary_large_image\" \/>\n<meta name=\"twitter:site\" content=\"@ustabf\" \/>\n<meta name=\"twitter:label1\" content=\"Dur\u00e9e de lecture estim\u00e9e\" \/>\n\t<meta name=\"twitter:data1\" content=\"1 minute\" \/>\n<script type=\"application\/ld+json\" class=\"yoast-schema-graph\">{\"@context\":\"https:\/\/schema.org\",\"@graph\":[{\"@type\":\"WebPage\",\"@id\":\"https:\/\/usta.bf\/?page_id=73\",\"url\":\"https:\/\/usta.bf\/?page_id=73\",\"name\":\"La Facult\u00e9 des Sciences \u00c9conomiques et de Gestion - Universit\u00e9 Saint Thomas D&#039;Aquin\",\"isPartOf\":{\"@id\":\"https:\/\/usta.bf\/#website\"},\"datePublished\":\"2021-07-22T19:55:05+00:00\",\"dateModified\":\"2025-07-18T13:27:36+00:00\",\"breadcrumb\":{\"@id\":\"https:\/\/usta.bf\/?page_id=73#breadcrumb\"},\"inLanguage\":\"fr-FR\",\"potentialAction\":[{\"@type\":\"ReadAction\",\"target\":[\"https:\/\/usta.bf\/?page_id=73\"]}]},{\"@type\":\"BreadcrumbList\",\"@id\":\"https:\/\/usta.bf\/?page_id=73#breadcrumb\",\"itemListElement\":[{\"@type\":\"ListItem\",\"position\":1,\"name\":\"Accueil\",\"item\":\"https:\/\/usta.bf\/\"},{\"@type\":\"ListItem\",\"position\":2,\"name\":\"La Facult\u00e9 des Sciences \u00c9conomiques et de Gestion\"}]},{\"@type\":\"WebSite\",\"@id\":\"https:\/\/usta.bf\/#website\",\"url\":\"https:\/\/usta.bf\/\",\"name\":\"Universit\u00e9 Saint Thomas D&#039;Aquin\",\"description\":\"Veritas - Fides- Scientia\",\"publisher\":{\"@id\":\"https:\/\/usta.bf\/#organization\"},\"potentialAction\":[{\"@type\":\"SearchAction\",\"target\":{\"@type\":\"EntryPoint\",\"urlTemplate\":\"https:\/\/usta.bf\/?s={search_term_string}\"},\"query-input\":{\"@type\":\"PropertyValueSpecification\",\"valueRequired\":true,\"valueName\":\"search_term_string\"}}],\"inLanguage\":\"fr-FR\"},{\"@type\":\"Organization\",\"@id\":\"https:\/\/usta.bf\/#organization\",\"name\":\"Universit\u00e9 Saint Thomas D&#039;Aquin\",\"url\":\"https:\/\/usta.bf\/\",\"logo\":{\"@type\":\"ImageObject\",\"inLanguage\":\"fr-FR\",\"@id\":\"https:\/\/usta.bf\/#\/schema\/logo\/image\/\",\"url\":\"https:\/\/usta.bf\/wp-content\/uploads\/2022\/07\/cropped-logo_site_web_beta2.fw_.png\",\"contentUrl\":\"https:\/\/usta.bf\/wp-content\/uploads\/2022\/07\/cropped-logo_site_web_beta2.fw_.png\",\"width\":460,\"height\":126,\"caption\":\"Universit\u00e9 Saint Thomas D&#039;Aquin  \"},\"image\":{\"@id\":\"https:\/\/usta.bf\/#\/schema\/logo\/image\/\"},\"sameAs\":[\"https:\/\/www.facebook.com\/USTA\/\",\"https:\/\/x.com\/ustabf\"]}]}<\/script>\n<!-- \/ Yoast SEO plugin. -->","yoast_head_json":{"title":"La Facult\u00e9 des Sciences \u00c9conomiques et de Gestion - Universit\u00e9 Saint Thomas D&#039;Aquin","robots":{"index":"index","follow":"follow","max-snippet":"max-snippet:-1","max-image-preview":"max-image-preview:large","max-video-preview":"max-video-preview:-1"},"canonical":"https:\/\/usta.bf\/?page_id=73","og_locale":"fr_FR","og_type":"article","og_title":"La Facult\u00e9 des Sciences \u00c9conomiques et de Gestion - Universit\u00e9 Saint Thomas D&#039;Aquin","og_description":"Mission et objectifs La Facult\u00e9 des sciences \u00e9conomiques et de gestion (FASEG) a ouvert ses portes en octobre 2004. \u00a0\u00a0\u00a0\u00a0\u00a0\u00a0\u00a0\u00a0\u00a0 Elle a pour vocation fondamentale la formation des cadres \u00e9conomiques pour les secteurs public et priv\u00e9. Elle contribue en outre, \u00e0 former de futurs enseignants de l\u2019enseignement secondaire, technique et sup\u00e9rieur. Elle a pour mission [&hellip;]","og_url":"https:\/\/usta.bf\/?page_id=73","og_site_name":"Universit\u00e9 Saint Thomas D&#039;Aquin","article_publisher":"https:\/\/www.facebook.com\/USTA\/","article_modified_time":"2025-07-18T13:27:36+00:00","twitter_card":"summary_large_image","twitter_site":"@ustabf","twitter_misc":{"Dur\u00e9e de lecture estim\u00e9e":"1 minute"},"schema":{"@context":"https:\/\/schema.org","@graph":[{"@type":"WebPage","@id":"https:\/\/usta.bf\/?page_id=73","url":"https:\/\/usta.bf\/?page_id=73","name":"La Facult\u00e9 des Sciences \u00c9conomiques et de Gestion - Universit\u00e9 Saint Thomas D&#039;Aquin","isPartOf":{"@id":"https:\/\/usta.bf\/#website"},"datePublished":"2021-07-22T19:55:05+00:00","dateModified":"2025-07-18T13:27:36+00:00","breadcrumb":{"@id":"https:\/\/usta.bf\/?page_id=73#breadcrumb"},"inLanguage":"fr-FR","potentialAction":[{"@type":"ReadAction","target":["https:\/\/usta.bf\/?page_id=73"]}]},{"@type":"BreadcrumbList","@id":"https:\/\/usta.bf\/?page_id=73#breadcrumb","itemListElement":[{"@type":"ListItem","position":1,"name":"Accueil","item":"https:\/\/usta.bf\/"},{"@type":"ListItem","position":2,"name":"La Facult\u00e9 des Sciences \u00c9conomiques et de Gestion"}]},{"@type":"WebSite","@id":"https:\/\/usta.bf\/#website","url":"https:\/\/usta.bf\/","name":"Universit\u00e9 Saint Thomas D&#039;Aquin","description":"Veritas - Fides- Scientia","publisher":{"@id":"https:\/\/usta.bf\/#organization"},"potentialAction":[{"@type":"SearchAction","target":{"@type":"EntryPoint","urlTemplate":"https:\/\/usta.bf\/?s={search_term_string}"},"query-input":{"@type":"PropertyValueSpecification","valueRequired":true,"valueName":"search_term_string"}}],"inLanguage":"fr-FR"},{"@type":"Organization","@id":"https:\/\/usta.bf\/#organization","name":"Universit\u00e9 Saint Thomas D&#039;Aquin","url":"https:\/\/usta.bf\/","logo":{"@type":"ImageObject","inLanguage":"fr-FR","@id":"https:\/\/usta.bf\/#\/schema\/logo\/image\/","url":"https:\/\/usta.bf\/wp-content\/uploads\/2022\/07\/cropped-logo_site_web_beta2.fw_.png","contentUrl":"https:\/\/usta.bf\/wp-content\/uploads\/2022\/07\/cropped-logo_site_web_beta2.fw_.png","width":460,"height":126,"caption":"Universit\u00e9 Saint Thomas D&#039;Aquin  "},"image":{"@id":"https:\/\/usta.bf\/#\/schema\/logo\/image\/"},"sameAs":["https:\/\/www.facebook.com\/USTA\/","https:\/\/x.com\/ustabf"]}]}},"_links":{"self":[{"href":"https:\/\/usta.bf\/index.php?rest_route=\/wp\/v2\/pages\/73","targetHints":{"allow":["GET"]}}],"collection":[{"href":"https:\/\/usta.bf\/index.php?rest_route=\/wp\/v2\/pages"}],"about":[{"href":"https:\/\/usta.bf\/index.php?rest_route=\/wp\/v2\/types\/page"}],"author":[{"embeddable":true,"href":"https:\/\/usta.bf\/index.php?rest_route=\/wp\/v2\/users\/1"}],"replies":[{"embeddable":true,"href":"https:\/\/usta.bf\/index.php?rest_route=%2Fwp%2Fv2%2Fcomments&post=73"}],"version-history":[{"count":0,"href":"https:\/\/usta.bf\/index.php?rest_route=\/wp\/v2\/pages\/73\/revisions"}],"wp:attachment":[{"href":"https:\/\/usta.bf\/index.php?rest_route=%2Fwp%2Fv2%2Fmedia&parent=73"}],"curies":[{"name":"wp","href":"https:\/\/api.w.org\/{rel}","templated":true}]}}