{"id":75,"date":"2021-07-22T21:58:25","date_gmt":"2021-07-22T19:58:25","guid":{"rendered":"https:\/\/usta.bf\/?page_id=75"},"modified":"2025-07-18T13:29:22","modified_gmt":"2025-07-18T13:29:22","slug":"la-faculte-des-sciences-et-technologies","status":"publish","type":"page","link":"https:\/\/usta.bf\/?page_id=75","title":{"rendered":"La Facult\u00e9 des sciences et technologies"},"content":{"rendered":"\r\n<p><strong>Mission et objectifs<\/strong><\/p>\r\n\r\n\r\n\r\n<p>La Facult\u00e9 des sciences et technologies (FAST) a ouvert ses portes en octobre 2011.<\/p>\r\n\r\n\r\n\r\n<p>Elle a pour mission d\u2019assurer la formation et la promotion de la recherche dans les domaines des sciences et de la technologie. \u00a0\u00a0\u00a0<\/p>\r\n\r\n\r\n\r\n<p>Ses objectifs sont\u00a0:<\/p>\r\n\r\n\r\n\r\n<p>De former\u00a0des cadres dans:<\/p>\r\n\r\n\r\n\r\n<ul class=\"wp-block-list\">\r\n<li>l\u2019enseignement des sciences de la vie et de la terre\u00a0;<\/li>\r\n<li>les domaines de l\u2019agro-sylvo-pastorale\u00a0;<\/li>\r\n<\/ul>\r\n\r\n\r\n\r\n<p>De promouvoir\u00a0:<\/p>\r\n\r\n\r\n\r\n<ul class=\"wp-block-list\">\r\n<li>La recherche fondamentale sur la vie (de l\u2019homme, des animaux, des plantes, des bact\u00e9ries)\u00a0;<\/li>\r\n<li>Les recherches biom\u00e9dicales\u00a0;<\/li>\r\n<li>La recherche agro\u2013sylvo-pastorale\u00a0;<\/li>\r\n<li>L\u2019appui aux laboratoires biom\u00e9dicaux\u00a0;<\/li>\r\n<li>L\u2019appui aux centres de recherche (vaccins, m\u00e9dicaments)\u00a0;<\/li>\r\n<li>La vulgarisation des r\u00e9sultats de la recherche\u00a0;<\/li>\r\n<li>La formation des enseignants chercheurs pour l\u2019enseignement sup\u00e9rieur<\/li>\r\n<\/ul>\r\n\r\n\r\n\r\n<p><strong>L\u2019\u00e9quipe<\/strong><\/p>\r\n\r\n\r\n\r\n<p>Le d\u00e9canat, les enseignants, et le personnel administratif, technique et de soutien de la facult\u00e9 travaillent de concert pour offrir des formations, des services et un encadrement qui favorisent la r\u00e9ussite des \u00e9tudiants.<\/p>\r\n\r\n\r\n\r\n<p><strong>Perspectives<\/strong><\/p>\r\n\r\n\r\n\r\n<p>Les activit\u00e9s pr\u00e9vues en perspective au sein de la facult\u00e9 sont entre autres\u00a0:<\/p>\r\n\r\n\r\n\r\n<ul class=\"wp-block-list\">\r\n<li>La construction d\u2019un centre exp\u00e9rimental\u00a0;<\/li>\r\n<li>L\u2019\u00e9quipement des laboratoires\u00a0;<\/li>\r\n<li>L\u2019enrichissement de la biblioth\u00e8que en documents dans les disciplines enseign\u00e9es\u00a0;<\/li>\r\n<li>Le recrutement d\u2019enseignants permanents\u00a0;<\/li>\r\n<li>L\u2019ouverture de nouveaux parcours de niveaux licence et master\u00a0;<\/li>\r\n<li>Le renforcement de la recherche.<\/li>\r\n<\/ul>\r\n\r\n\r\n\r\n<p><strong>Programmes<\/strong><\/p>\r\n\r\n\r\n\r\n<ul class=\"wp-block-list\">\r\n<li>Licence en agronomie\u00a0;<\/li>\r\n<li>Licence en productions animales\u00a0;<\/li>\r\n<li>Master en productions animales\u00a0;<\/li>\r\n<li>Master en biologie mol\u00e9culaire, g\u00e9n\u00e9tique et biotechnologie ;<\/li>\r\n<\/ul>\r\n\r\n\r\n\r\n<p>&nbsp;<\/p>\r\n","protected":false},"excerpt":{"rendered":"<p>Mission et objectifs La Facult\u00e9 des sciences et technologies (FAST) a ouvert ses portes en octobre 2011. Elle a pour mission d\u2019assurer la formation et la promotion de la recherche dans les domaines des sciences et de la technologie. \u00a0\u00a0\u00a0 Ses objectifs sont\u00a0: De former\u00a0des cadres dans: l\u2019enseignement des sciences de la vie et de [&hellip;]<\/p>\n","protected":false},"author":1,"featured_media":0,"parent":0,"menu_order":0,"comment_status":"closed","ping_status":"closed","template":"","meta":{"footnotes":""},"class_list":["post-75","page","type-page","status-publish","hentry"],"yoast_head":"<!-- This site is optimized with the Yoast SEO plugin v26.0 - https:\/\/yoast.com\/wordpress\/plugins\/seo\/ -->\n<title>La Facult\u00e9 des sciences et technologies - Universit\u00e9 Saint Thomas D&#039;Aquin<\/title>\n<meta name=\"robots\" content=\"index, follow, max-snippet:-1, max-image-preview:large, max-video-preview:-1\" \/>\n<link rel=\"canonical\" href=\"https:\/\/usta.bf\/?page_id=75\" \/>\n<meta property=\"og:locale\" content=\"fr_FR\" \/>\n<meta property=\"og:type\" content=\"article\" \/>\n<meta property=\"og:title\" content=\"La Facult\u00e9 des sciences et technologies - Universit\u00e9 Saint Thomas D&#039;Aquin\" \/>\n<meta property=\"og:description\" content=\"Mission et objectifs La Facult\u00e9 des sciences et technologies (FAST) a ouvert ses portes en octobre 2011. Elle a pour mission d\u2019assurer la formation et la promotion de la recherche dans les domaines des sciences et de la technologie. \u00a0\u00a0\u00a0 Ses objectifs sont\u00a0: De former\u00a0des cadres dans: l\u2019enseignement des sciences de la vie et de [&hellip;]\" \/>\n<meta property=\"og:url\" content=\"https:\/\/usta.bf\/?page_id=75\" \/>\n<meta property=\"og:site_name\" content=\"Universit\u00e9 Saint Thomas D&#039;Aquin\" \/>\n<meta property=\"article:publisher\" content=\"https:\/\/www.facebook.com\/USTA\/\" \/>\n<meta property=\"article:modified_time\" content=\"2025-07-18T13:29:22+00:00\" \/>\n<meta name=\"twitter:card\" content=\"summary_large_image\" \/>\n<meta name=\"twitter:site\" content=\"@ustabf\" \/>\n<meta name=\"twitter:label1\" content=\"Dur\u00e9e de lecture estim\u00e9e\" \/>\n\t<meta name=\"twitter:data1\" content=\"1 minute\" \/>\n<script type=\"application\/ld+json\" class=\"yoast-schema-graph\">{\"@context\":\"https:\/\/schema.org\",\"@graph\":[{\"@type\":\"WebPage\",\"@id\":\"https:\/\/usta.bf\/?page_id=75\",\"url\":\"https:\/\/usta.bf\/?page_id=75\",\"name\":\"La Facult\u00e9 des sciences et technologies - Universit\u00e9 Saint Thomas D&#039;Aquin\",\"isPartOf\":{\"@id\":\"https:\/\/usta.bf\/#website\"},\"datePublished\":\"2021-07-22T19:58:25+00:00\",\"dateModified\":\"2025-07-18T13:29:22+00:00\",\"breadcrumb\":{\"@id\":\"https:\/\/usta.bf\/?page_id=75#breadcrumb\"},\"inLanguage\":\"fr-FR\",\"potentialAction\":[{\"@type\":\"ReadAction\",\"target\":[\"https:\/\/usta.bf\/?page_id=75\"]}]},{\"@type\":\"BreadcrumbList\",\"@id\":\"https:\/\/usta.bf\/?page_id=75#breadcrumb\",\"itemListElement\":[{\"@type\":\"ListItem\",\"position\":1,\"name\":\"Accueil\",\"item\":\"https:\/\/usta.bf\/\"},{\"@type\":\"ListItem\",\"position\":2,\"name\":\"La Facult\u00e9 des sciences et technologies\"}]},{\"@type\":\"WebSite\",\"@id\":\"https:\/\/usta.bf\/#website\",\"url\":\"https:\/\/usta.bf\/\",\"name\":\"Universit\u00e9 Saint Thomas D&#039;Aquin\",\"description\":\"Veritas - Fides- Scientia\",\"publisher\":{\"@id\":\"https:\/\/usta.bf\/#organization\"},\"potentialAction\":[{\"@type\":\"SearchAction\",\"target\":{\"@type\":\"EntryPoint\",\"urlTemplate\":\"https:\/\/usta.bf\/?s={search_term_string}\"},\"query-input\":{\"@type\":\"PropertyValueSpecification\",\"valueRequired\":true,\"valueName\":\"search_term_string\"}}],\"inLanguage\":\"fr-FR\"},{\"@type\":\"Organization\",\"@id\":\"https:\/\/usta.bf\/#organization\",\"name\":\"Universit\u00e9 Saint Thomas D&#039;Aquin\",\"url\":\"https:\/\/usta.bf\/\",\"logo\":{\"@type\":\"ImageObject\",\"inLanguage\":\"fr-FR\",\"@id\":\"https:\/\/usta.bf\/#\/schema\/logo\/image\/\",\"url\":\"https:\/\/usta.bf\/wp-content\/uploads\/2022\/07\/cropped-logo_site_web_beta2.fw_.png\",\"contentUrl\":\"https:\/\/usta.bf\/wp-content\/uploads\/2022\/07\/cropped-logo_site_web_beta2.fw_.png\",\"width\":460,\"height\":126,\"caption\":\"Universit\u00e9 Saint Thomas D&#039;Aquin  \"},\"image\":{\"@id\":\"https:\/\/usta.bf\/#\/schema\/logo\/image\/\"},\"sameAs\":[\"https:\/\/www.facebook.com\/USTA\/\",\"https:\/\/x.com\/ustabf\"]}]}<\/script>\n<!-- \/ Yoast SEO plugin. -->","yoast_head_json":{"title":"La Facult\u00e9 des sciences et technologies - Universit\u00e9 Saint Thomas D&#039;Aquin","robots":{"index":"index","follow":"follow","max-snippet":"max-snippet:-1","max-image-preview":"max-image-preview:large","max-video-preview":"max-video-preview:-1"},"canonical":"https:\/\/usta.bf\/?page_id=75","og_locale":"fr_FR","og_type":"article","og_title":"La Facult\u00e9 des sciences et technologies - Universit\u00e9 Saint Thomas D&#039;Aquin","og_description":"Mission et objectifs La Facult\u00e9 des sciences et technologies (FAST) a ouvert ses portes en octobre 2011. Elle a pour mission d\u2019assurer la formation et la promotion de la recherche dans les domaines des sciences et de la technologie. \u00a0\u00a0\u00a0 Ses objectifs sont\u00a0: De former\u00a0des cadres dans: l\u2019enseignement des sciences de la vie et de [&hellip;]","og_url":"https:\/\/usta.bf\/?page_id=75","og_site_name":"Universit\u00e9 Saint Thomas D&#039;Aquin","article_publisher":"https:\/\/www.facebook.com\/USTA\/","article_modified_time":"2025-07-18T13:29:22+00:00","twitter_card":"summary_large_image","twitter_site":"@ustabf","twitter_misc":{"Dur\u00e9e de lecture estim\u00e9e":"1 minute"},"schema":{"@context":"https:\/\/schema.org","@graph":[{"@type":"WebPage","@id":"https:\/\/usta.bf\/?page_id=75","url":"https:\/\/usta.bf\/?page_id=75","name":"La Facult\u00e9 des sciences et technologies - Universit\u00e9 Saint Thomas D&#039;Aquin","isPartOf":{"@id":"https:\/\/usta.bf\/#website"},"datePublished":"2021-07-22T19:58:25+00:00","dateModified":"2025-07-18T13:29:22+00:00","breadcrumb":{"@id":"https:\/\/usta.bf\/?page_id=75#breadcrumb"},"inLanguage":"fr-FR","potentialAction":[{"@type":"ReadAction","target":["https:\/\/usta.bf\/?page_id=75"]}]},{"@type":"BreadcrumbList","@id":"https:\/\/usta.bf\/?page_id=75#breadcrumb","itemListElement":[{"@type":"ListItem","position":1,"name":"Accueil","item":"https:\/\/usta.bf\/"},{"@type":"ListItem","position":2,"name":"La Facult\u00e9 des sciences et technologies"}]},{"@type":"WebSite","@id":"https:\/\/usta.bf\/#website","url":"https:\/\/usta.bf\/","name":"Universit\u00e9 Saint Thomas D&#039;Aquin","description":"Veritas - Fides- Scientia","publisher":{"@id":"https:\/\/usta.bf\/#organization"},"potentialAction":[{"@type":"SearchAction","target":{"@type":"EntryPoint","urlTemplate":"https:\/\/usta.bf\/?s={search_term_string}"},"query-input":{"@type":"PropertyValueSpecification","valueRequired":true,"valueName":"search_term_string"}}],"inLanguage":"fr-FR"},{"@type":"Organization","@id":"https:\/\/usta.bf\/#organization","name":"Universit\u00e9 Saint Thomas D&#039;Aquin","url":"https:\/\/usta.bf\/","logo":{"@type":"ImageObject","inLanguage":"fr-FR","@id":"https:\/\/usta.bf\/#\/schema\/logo\/image\/","url":"https:\/\/usta.bf\/wp-content\/uploads\/2022\/07\/cropped-logo_site_web_beta2.fw_.png","contentUrl":"https:\/\/usta.bf\/wp-content\/uploads\/2022\/07\/cropped-logo_site_web_beta2.fw_.png","width":460,"height":126,"caption":"Universit\u00e9 Saint Thomas D&#039;Aquin  "},"image":{"@id":"https:\/\/usta.bf\/#\/schema\/logo\/image\/"},"sameAs":["https:\/\/www.facebook.com\/USTA\/","https:\/\/x.com\/ustabf"]}]}},"_links":{"self":[{"href":"https:\/\/usta.bf\/index.php?rest_route=\/wp\/v2\/pages\/75","targetHints":{"allow":["GET"]}}],"collection":[{"href":"https:\/\/usta.bf\/index.php?rest_route=\/wp\/v2\/pages"}],"about":[{"href":"https:\/\/usta.bf\/index.php?rest_route=\/wp\/v2\/types\/page"}],"author":[{"embeddable":true,"href":"https:\/\/usta.bf\/index.php?rest_route=\/wp\/v2\/users\/1"}],"replies":[{"embeddable":true,"href":"https:\/\/usta.bf\/index.php?rest_route=%2Fwp%2Fv2%2Fcomments&post=75"}],"version-history":[{"count":0,"href":"https:\/\/usta.bf\/index.php?rest_route=\/wp\/v2\/pages\/75\/revisions"}],"wp:attachment":[{"href":"https:\/\/usta.bf\/index.php?rest_route=%2Fwp%2Fv2%2Fmedia&parent=75"}],"curies":[{"name":"wp","href":"https:\/\/api.w.org\/{rel}","templated":true}]}}