{"id":997,"date":"2022-07-11T06:34:26","date_gmt":"2022-07-11T06:34:26","guid":{"rendered":"https:\/\/usta.bf\/?page_id=997"},"modified":"2022-07-11T06:34:26","modified_gmt":"2022-07-11T06:34:26","slug":"vie-etudiante-et-associative","status":"publish","type":"page","link":"https:\/\/usta.bf\/?page_id=997","title":{"rendered":"Vie \u00e9tudiante et associative"},"content":{"rendered":"<p>En arrivant \u00e0 l\u2019USTA, vous int\u00e9grez une communaut\u00e9 universitaire de plus de 3000 \u00e9tudiants.<\/p>\n<p>Si l&rsquo;universit\u00e9 est avant tout un lieu d&rsquo;\u00e9tudes et de travail, elle est aussi un lieu privil\u00e9gi\u00e9 pour vous exercer au leadership et acqu\u00e9rir une exp\u00e9rience associative. De nombreuses associations, amicales, communaut\u00e9s, bureaux ou regroupements d\u2019\u00e9tudiants m\u00e8nent des activit\u00e9s sur le campus. Il vous est possible de rejoindre l\u2019une des associations existantes ou de cr\u00e9er la v\u00f4tre en lien avec d\u2019autres \u00e9tudiants, dans le respect de la r\u00e8glementation en vigueur.<\/p>\n<ul>\n<li><strong>Organes repr\u00e9sentatifs des \u00e9tudiants<\/strong><\/li>\n<\/ul>\n<p>Les \u00e9tudiants de l\u2019USTA sont repr\u00e9sent\u00e9s par des d\u00e9l\u00e9gu\u00e9s \u00e9lus \u00e0 trois niveaux\u00a0:<\/p>\n<ul>\n<li>la classe (02 d\u00e9l\u00e9gu\u00e9s)\u00a0;<\/li>\n<li>la facult\u00e9 (04 d\u00e9l\u00e9gu\u00e9s)\u00a0;<\/li>\n<li>l\u2019universit\u00e9 (10 d\u00e9l\u00e9gu\u00e9s).<\/li>\n<\/ul>\n<p>Les d\u00e9l\u00e9gu\u00e9s \u00e9lus ont un r\u00f4le de repr\u00e9sentation aupr\u00e8s de l\u2019administration. Ils sont charg\u00e9s d\u2019animer la vie \u00e9tudiante \u00e0 travers un programme annuel d\u2019activit\u00e9s.<\/p>\n","protected":false},"excerpt":{"rendered":"<p>En arrivant \u00e0 l\u2019USTA, vous int\u00e9grez une communaut\u00e9 universitaire de plus de 3000 \u00e9tudiants. Si l&rsquo;universit\u00e9 est avant tout un lieu d&rsquo;\u00e9tudes et de travail, elle est aussi un lieu privil\u00e9gi\u00e9 pour vous exercer au leadership et acqu\u00e9rir une exp\u00e9rience associative. De nombreuses associations, amicales, communaut\u00e9s, bureaux ou regroupements d\u2019\u00e9tudiants m\u00e8nent des activit\u00e9s sur le [&hellip;]<\/p>\n","protected":false},"author":1,"featured_media":0,"parent":0,"menu_order":0,"comment_status":"closed","ping_status":"closed","template":"","meta":{"footnotes":""},"class_list":["post-997","page","type-page","status-publish","hentry"],"yoast_head":"<!-- This site is optimized with the Yoast SEO plugin v26.0 - https:\/\/yoast.com\/wordpress\/plugins\/seo\/ -->\n<title>Vie \u00e9tudiante et associative - Universit\u00e9 Saint Thomas D&#039;Aquin<\/title>\n<meta name=\"robots\" content=\"index, follow, max-snippet:-1, max-image-preview:large, max-video-preview:-1\" \/>\n<link rel=\"canonical\" href=\"https:\/\/usta.bf\/?page_id=997\" \/>\n<meta property=\"og:locale\" content=\"fr_FR\" \/>\n<meta property=\"og:type\" content=\"article\" \/>\n<meta property=\"og:title\" content=\"Vie \u00e9tudiante et associative - Universit\u00e9 Saint Thomas D&#039;Aquin\" \/>\n<meta property=\"og:description\" content=\"En arrivant \u00e0 l\u2019USTA, vous int\u00e9grez une communaut\u00e9 universitaire de plus de 3000 \u00e9tudiants. Si l&rsquo;universit\u00e9 est avant tout un lieu d&rsquo;\u00e9tudes et de travail, elle est aussi un lieu privil\u00e9gi\u00e9 pour vous exercer au leadership et acqu\u00e9rir une exp\u00e9rience associative. De nombreuses associations, amicales, communaut\u00e9s, bureaux ou regroupements d\u2019\u00e9tudiants m\u00e8nent des activit\u00e9s sur le [&hellip;]\" \/>\n<meta property=\"og:url\" content=\"https:\/\/usta.bf\/?page_id=997\" \/>\n<meta property=\"og:site_name\" content=\"Universit\u00e9 Saint Thomas D&#039;Aquin\" \/>\n<meta property=\"article:publisher\" content=\"https:\/\/www.facebook.com\/USTA\/\" \/>\n<meta name=\"twitter:card\" content=\"summary_large_image\" \/>\n<meta name=\"twitter:site\" content=\"@ustabf\" \/>\n<meta name=\"twitter:label1\" content=\"Dur\u00e9e de lecture estim\u00e9e\" \/>\n\t<meta name=\"twitter:data1\" content=\"1 minute\" \/>\n<script type=\"application\/ld+json\" class=\"yoast-schema-graph\">{\"@context\":\"https:\/\/schema.org\",\"@graph\":[{\"@type\":\"WebPage\",\"@id\":\"https:\/\/usta.bf\/?page_id=997\",\"url\":\"https:\/\/usta.bf\/?page_id=997\",\"name\":\"Vie \u00e9tudiante et associative - Universit\u00e9 Saint Thomas D&#039;Aquin\",\"isPartOf\":{\"@id\":\"https:\/\/usta.bf\/#website\"},\"datePublished\":\"2022-07-11T06:34:26+00:00\",\"breadcrumb\":{\"@id\":\"https:\/\/usta.bf\/?page_id=997#breadcrumb\"},\"inLanguage\":\"fr-FR\",\"potentialAction\":[{\"@type\":\"ReadAction\",\"target\":[\"https:\/\/usta.bf\/?page_id=997\"]}]},{\"@type\":\"BreadcrumbList\",\"@id\":\"https:\/\/usta.bf\/?page_id=997#breadcrumb\",\"itemListElement\":[{\"@type\":\"ListItem\",\"position\":1,\"name\":\"Accueil\",\"item\":\"https:\/\/usta.bf\/\"},{\"@type\":\"ListItem\",\"position\":2,\"name\":\"Vie \u00e9tudiante et associative\"}]},{\"@type\":\"WebSite\",\"@id\":\"https:\/\/usta.bf\/#website\",\"url\":\"https:\/\/usta.bf\/\",\"name\":\"Universit\u00e9 Saint Thomas D&#039;Aquin\",\"description\":\"Veritas - Fides- Scientia\",\"publisher\":{\"@id\":\"https:\/\/usta.bf\/#organization\"},\"potentialAction\":[{\"@type\":\"SearchAction\",\"target\":{\"@type\":\"EntryPoint\",\"urlTemplate\":\"https:\/\/usta.bf\/?s={search_term_string}\"},\"query-input\":{\"@type\":\"PropertyValueSpecification\",\"valueRequired\":true,\"valueName\":\"search_term_string\"}}],\"inLanguage\":\"fr-FR\"},{\"@type\":\"Organization\",\"@id\":\"https:\/\/usta.bf\/#organization\",\"name\":\"Universit\u00e9 Saint Thomas D&#039;Aquin\",\"url\":\"https:\/\/usta.bf\/\",\"logo\":{\"@type\":\"ImageObject\",\"inLanguage\":\"fr-FR\",\"@id\":\"https:\/\/usta.bf\/#\/schema\/logo\/image\/\",\"url\":\"https:\/\/usta.bf\/wp-content\/uploads\/2022\/07\/cropped-logo_site_web_beta2.fw_.png\",\"contentUrl\":\"https:\/\/usta.bf\/wp-content\/uploads\/2022\/07\/cropped-logo_site_web_beta2.fw_.png\",\"width\":460,\"height\":126,\"caption\":\"Universit\u00e9 Saint Thomas D&#039;Aquin  \"},\"image\":{\"@id\":\"https:\/\/usta.bf\/#\/schema\/logo\/image\/\"},\"sameAs\":[\"https:\/\/www.facebook.com\/USTA\/\",\"https:\/\/x.com\/ustabf\"]}]}<\/script>\n<!-- \/ Yoast SEO plugin. -->","yoast_head_json":{"title":"Vie \u00e9tudiante et associative - Universit\u00e9 Saint Thomas D&#039;Aquin","robots":{"index":"index","follow":"follow","max-snippet":"max-snippet:-1","max-image-preview":"max-image-preview:large","max-video-preview":"max-video-preview:-1"},"canonical":"https:\/\/usta.bf\/?page_id=997","og_locale":"fr_FR","og_type":"article","og_title":"Vie \u00e9tudiante et associative - Universit\u00e9 Saint Thomas D&#039;Aquin","og_description":"En arrivant \u00e0 l\u2019USTA, vous int\u00e9grez une communaut\u00e9 universitaire de plus de 3000 \u00e9tudiants. Si l&rsquo;universit\u00e9 est avant tout un lieu d&rsquo;\u00e9tudes et de travail, elle est aussi un lieu privil\u00e9gi\u00e9 pour vous exercer au leadership et acqu\u00e9rir une exp\u00e9rience associative. De nombreuses associations, amicales, communaut\u00e9s, bureaux ou regroupements d\u2019\u00e9tudiants m\u00e8nent des activit\u00e9s sur le [&hellip;]","og_url":"https:\/\/usta.bf\/?page_id=997","og_site_name":"Universit\u00e9 Saint Thomas D&#039;Aquin","article_publisher":"https:\/\/www.facebook.com\/USTA\/","twitter_card":"summary_large_image","twitter_site":"@ustabf","twitter_misc":{"Dur\u00e9e de lecture estim\u00e9e":"1 minute"},"schema":{"@context":"https:\/\/schema.org","@graph":[{"@type":"WebPage","@id":"https:\/\/usta.bf\/?page_id=997","url":"https:\/\/usta.bf\/?page_id=997","name":"Vie \u00e9tudiante et associative - Universit\u00e9 Saint Thomas D&#039;Aquin","isPartOf":{"@id":"https:\/\/usta.bf\/#website"},"datePublished":"2022-07-11T06:34:26+00:00","breadcrumb":{"@id":"https:\/\/usta.bf\/?page_id=997#breadcrumb"},"inLanguage":"fr-FR","potentialAction":[{"@type":"ReadAction","target":["https:\/\/usta.bf\/?page_id=997"]}]},{"@type":"BreadcrumbList","@id":"https:\/\/usta.bf\/?page_id=997#breadcrumb","itemListElement":[{"@type":"ListItem","position":1,"name":"Accueil","item":"https:\/\/usta.bf\/"},{"@type":"ListItem","position":2,"name":"Vie \u00e9tudiante et associative"}]},{"@type":"WebSite","@id":"https:\/\/usta.bf\/#website","url":"https:\/\/usta.bf\/","name":"Universit\u00e9 Saint Thomas D&#039;Aquin","description":"Veritas - Fides- Scientia","publisher":{"@id":"https:\/\/usta.bf\/#organization"},"potentialAction":[{"@type":"SearchAction","target":{"@type":"EntryPoint","urlTemplate":"https:\/\/usta.bf\/?s={search_term_string}"},"query-input":{"@type":"PropertyValueSpecification","valueRequired":true,"valueName":"search_term_string"}}],"inLanguage":"fr-FR"},{"@type":"Organization","@id":"https:\/\/usta.bf\/#organization","name":"Universit\u00e9 Saint Thomas D&#039;Aquin","url":"https:\/\/usta.bf\/","logo":{"@type":"ImageObject","inLanguage":"fr-FR","@id":"https:\/\/usta.bf\/#\/schema\/logo\/image\/","url":"https:\/\/usta.bf\/wp-content\/uploads\/2022\/07\/cropped-logo_site_web_beta2.fw_.png","contentUrl":"https:\/\/usta.bf\/wp-content\/uploads\/2022\/07\/cropped-logo_site_web_beta2.fw_.png","width":460,"height":126,"caption":"Universit\u00e9 Saint Thomas D&#039;Aquin  "},"image":{"@id":"https:\/\/usta.bf\/#\/schema\/logo\/image\/"},"sameAs":["https:\/\/www.facebook.com\/USTA\/","https:\/\/x.com\/ustabf"]}]}},"_links":{"self":[{"href":"https:\/\/usta.bf\/index.php?rest_route=\/wp\/v2\/pages\/997","targetHints":{"allow":["GET"]}}],"collection":[{"href":"https:\/\/usta.bf\/index.php?rest_route=\/wp\/v2\/pages"}],"about":[{"href":"https:\/\/usta.bf\/index.php?rest_route=\/wp\/v2\/types\/page"}],"author":[{"embeddable":true,"href":"https:\/\/usta.bf\/index.php?rest_route=\/wp\/v2\/users\/1"}],"replies":[{"embeddable":true,"href":"https:\/\/usta.bf\/index.php?rest_route=%2Fwp%2Fv2%2Fcomments&post=997"}],"version-history":[{"count":0,"href":"https:\/\/usta.bf\/index.php?rest_route=\/wp\/v2\/pages\/997\/revisions"}],"wp:attachment":[{"href":"https:\/\/usta.bf\/index.php?rest_route=%2Fwp%2Fv2%2Fmedia&parent=997"}],"curies":[{"name":"wp","href":"https:\/\/api.w.org\/{rel}","templated":true}]}}